{"id":893,"date":"2014-11-13T13:01:32","date_gmt":"2014-11-13T13:01:32","guid":{"rendered":"http:\/\/www.gl38.fr\/blog\/?page_id=893"},"modified":"2014-11-13T13:01:32","modified_gmt":"2014-11-13T13:01:32","slug":"met-20142015-2","status":"publish","type":"page","link":"https:\/\/www.gl38.fr\/blog\/metropolitan\/met-20142015-2\/","title":{"rendered":"Met 2014\/2015"},"content":{"rendered":"<p>Saison 2014\/2015<br \/>\nAu cin\u00e9ma Path\u00e9 Chavant de Grenoble<br \/>\nPlaces num\u00e9rot\u00e9es r\u00e9serv\u00e9es \u00e0 tarif pr\u00e9f\u00e9rentiel aux adh\u00e9rents de Mus\u00e9e en musique.<br \/>\nen direct du Metropolitan Opera de New-York,<br \/>\nPascale Galliard, pr\u00e9sentation<\/p>\n<p>on\u00e9guine<br \/>\nSamedi 11 octobre 2014, 18h55<br \/>\nMacbeth &#8211; Verdi<br \/>\nFabio Luisi, direction \/ Adrian Noble, mise en sc\u00e8ne<br \/>\navec Anna Netrebko, Joseph Calleja, \u017deljko Lu\u010di\u0107, Ren\u00e9 Pape<\/p>\n<p>figaro<br \/>\nSamedi 18 octobre 2014, 18h55<br \/>\nLes Noces de Figaro &#8211; Mozart<br \/>\nJames Levine, direction \/ Richard Eyre, mise en sc\u00e8ne<br \/>\navec Marina Poplavskaya, Marlis Petersen, Isabel Leonard, Peter Mattei, Ildar Abdrazakov<\/p>\n<p>carmen<br \/>\nSamedi 1er novembre 2014, 17h55<br \/>\nCarmen &#8211; Bizet<br \/>\nPable Heras-Casado, direction \/ Richerd Eyre, mise en sc\u00e8ne<br \/>\navec Anita Rachvelishvili, Aleksandrs Antonenko, Ildar Abdrazakov, Anita Hartig<\/p>\n<p>Klinghoffer<br \/>\nSamedi 15 novembre 2014, 18h55<br \/>\nThe Death of Klinghoffer &#8211; Adams<br \/>\nDavid Robertson, direction \/ Tom Morris, mise en sc\u00e8ne<br \/>\navec Alan Opie, Michaela Martens, Paulo Szot, Sean Panikkar, Aubrey Allicock, Ryan Speedo Green<\/p>\n<p>\/meistersinger<br \/>\nDimanche 4 janvier 2015, 18h00<br \/>\nLes Ma\u00eetres chanteurs de Nuremberg &#8211; Wagner<br \/>\nJames Levine, direction \/ Otto Schenk, mise en sc\u00e8ne<br \/>\navec Annette Dash, Johan Botha, Johan Reuter, Karen Cargill, Paul Appleby, Johannes Martin Kranzle, Hans-Peter K\u00f6nig, Mattew Rose<\/p>\n<p>merryWido<br \/>\nSamedi 17 janvier 2015, 18h55<br \/>\nLa Veuve joyeuse &#8211; Leh\u00e1r<br \/>\nAndrew Davis, direction \/ Susan Stroman, mise en sc\u00e8ne<br \/>\navec Ren\u00e9e Fleming, Kelli O\u2019Hara, Nathan Gunn, Alek Shrader, Thomas Allen<\/p>\n<p>Hoffma<br \/>\nSamedi 31 janvier 2015, 18h55<br \/>\nLes Contes d\u2019Hoffmann &#8211; Offenbach<br \/>\nYves Abel, direction \/ Bartlett Sher, mise en sc\u00e8ne<br \/>\navec Hibla Gerzmava, Kate Lindsey, Vittorio Grigolo, Thomas Hampson<\/p>\n<p>Iolanta<br \/>\nSamedi 14 f\u00e9vrier 2015, 18h30 double programme<br \/>\nIolanta &#8211; Tcha\u00efkovski<br \/>\nValery Gergiev, direction \/ Marius Trelinski, mise en sc\u00e8ne<br \/>\navec Anna Netrebko, Piotr Beczala, Alexey Markov, Elchin Azizov, Alexei Tanovitski<br \/>\nLe Ch\u00e2teau de Barbe Bleue &#8211; Bart\u00f3k<br \/>\nValery Gergiev, direction \/ Marius Trelinski, mise en sc\u00e8ne<br \/>\navec Nadja Michael, Mikhail Petrenko<\/p>\n<p>DonnaDelLago<br \/>\nSamedi 14 mars 2015, 17h55<br \/>\nLa Dame du Lac &#8211; Rossini<br \/>\nMichele Mariotti, direction \/ Paul Curran, mise en sc\u00e8ne<br \/>\navec Joyce DiDonato, Daniela Barcellona, Juan Diego Fl\u00f3rez, John Osborn, Oren Gradus<\/p>\n<p>cavalleria<br \/>\nSamedi 25 avril 2015, 18h30 double programme<br \/>\nCavalleria Rusticana &#8211; Mascagni<br \/>\nFabio Luisi, direction \/ David McVicar, mise en sc\u00e8ne<br \/>\navec Eva-Maria Westbroek, Marcelo Alvarez, \u017deljko Lu\u010di\u0107<br \/>\nPagliacci &#8211; Leoncavallo<br \/>\nFabio Luisi, direction \/ David McVicar, mise en sc\u00e8ne<br \/>\navec Patricia Racette, Marcelo Alvarez, George Gagnidze, Lucas Meachem<\/p>\n<p>Programmes, distribution et horaires sous r\u00e9serve de modifications<\/p>\n<p>tarifs mus\u00e9e en musique :<\/p>\n<p>forfait 10 repr\u00e9sentations 219 \u20ac<br \/>\nforfait 5 repr\u00e9sentations 119 \u20ac<br \/>\n1 repr\u00e9sentation 30 \u20ac <\/p>\n","protected":false},"excerpt":{"rendered":"<p>Saison 2014\/2015 Au cin\u00e9ma Path\u00e9 Chavant de Grenoble Places num\u00e9rot\u00e9es r\u00e9serv\u00e9es \u00e0 tarif pr\u00e9f\u00e9rentiel aux adh\u00e9rents de Mus\u00e9e en musique. en direct du Metropolitan Opera de New-York, Pascale Galliard, pr\u00e9sentation on\u00e9guine Samedi 11 octobre 2014, 18h55 Macbeth &#8211; Verdi Fabio Luisi, direction \/ Adrian Noble, mise en sc\u00e8ne avec Anna Netrebko, Joseph Calleja, \u017deljko Lu\u010di\u0107, &hellip; <a href=\"https:\/\/www.gl38.fr\/blog\/metropolitan\/met-20142015-2\/\" class=\"more-link\">Continuer la lecture de <span class=\"screen-reader-text\">Met 2014\/2015<\/span> <span class=\"meta-nav\">&rarr;<\/span><\/a><\/p>\n","protected":false},"author":1,"featured_media":0,"parent":29,"menu_order":0,"comment_status":"open","ping_status":"open","template":"","meta":{"footnotes":""},"class_list":["post-893","page","type-page","status-publish","hentry"],"_links":{"self":[{"href":"https:\/\/www.gl38.fr\/blog\/wp-json\/wp\/v2\/pages\/893"}],"collection":[{"href":"https:\/\/www.gl38.fr\/blog\/wp-json\/wp\/v2\/pages"}],"about":[{"href":"https:\/\/www.gl38.fr\/blog\/wp-json\/wp\/v2\/types\/page"}],"author":[{"embeddable":true,"href":"https:\/\/www.gl38.fr\/blog\/wp-json\/wp\/v2\/users\/1"}],"replies":[{"embeddable":true,"href":"https:\/\/www.gl38.fr\/blog\/wp-json\/wp\/v2\/comments?post=893"}],"version-history":[{"count":1,"href":"https:\/\/www.gl38.fr\/blog\/wp-json\/wp\/v2\/pages\/893\/revisions"}],"predecessor-version":[{"id":894,"href":"https:\/\/www.gl38.fr\/blog\/wp-json\/wp\/v2\/pages\/893\/revisions\/894"}],"up":[{"embeddable":true,"href":"https:\/\/www.gl38.fr\/blog\/wp-json\/wp\/v2\/pages\/29"}],"wp:attachment":[{"href":"https:\/\/www.gl38.fr\/blog\/wp-json\/wp\/v2\/media?parent=893"}],"curies":[{"name":"wp","href":"https:\/\/api.w.org\/{rel}","templated":true}]}}